{"id":1739,"date":"2020-05-13T07:54:46","date_gmt":"2020-05-13T07:54:46","guid":{"rendered":"http:\/\/entrecamins.com\/excursiones-y-actividades-para-escuelas\/"},"modified":"2020-05-17T16:17:50","modified_gmt":"2020-05-17T16:17:50","slug":"excursiones-y-actividades-para-escuelas","status":"publish","type":"page","link":"https:\/\/entrecamins.com\/es\/excursiones-y-actividades-para-escuelas\/","title":{"rendered":"Excursiones y actividades para escuelas"},"content":{"rendered":"<div class=\"wpb-content-wrapper\"><p>[vc_row css_animation=\u00bb\u00bb row_type=\u00bbrow\u00bb use_row_as_full_screen_section=\u00bbno\u00bb type=\u00bbfull_width\u00bb angled_section=\u00bbno\u00bb text_align=\u00bbleft\u00bb background_image=\u00bb1454&#8243; background_image_as_pattern=\u00bbwithout_pattern\u00bb z_index=\u00bb\u00bb][vc_column width=\u00bb1\/2&#8243;]<div class=\"qode-animation-holder element_from_fade\"><div class=\"qode-animation-holder-inner\"  style=\"-webkit-animation-delay:0.5s; animation-delay:0.5s; -webkit-transition-delay:0.5s; transition-delay:0.5s\">[vc_raw_html]PGRpdiBjbGFzcz0iY2FiZWNlcmEiPg0KPGgxPkV4Y3Vyc2lvbmVzIHkgYWN0aXZpZGFkZXMgPGJyIC8+cGFyYSBlc2N1ZWxhczwvaDE+DQo8L2Rpdj4=[\/vc_raw_html]<\/div><\/div>[\/vc_column][vc_column width=\u00bb1\/2&#8243;][\/vc_column][\/vc_row][vc_row css_animation=\u00bb\u00bb row_type=\u00bbrow\u00bb use_row_as_full_screen_section=\u00bbno\u00bb type=\u00bbgrid\u00bb angled_section=\u00bbno\u00bb text_align=\u00bbleft\u00bb background_image_as_pattern=\u00bbwithout_pattern\u00bb z_index=\u00bb\u00bb el_class=\u00bbptopsecciones\u00bb css=\u00bb.vc_custom_1588787574368{padding-bottom: 30px !important;}\u00bb][vc_column css_animation=\u00bbnone\u00bb width=\u00bb1\/2&#8243;]<div class=\"qode-animation-holder element_from_fade\"><div class=\"qode-animation-holder-inner\"  style=\"-webkit-animation-delay:0.5s; animation-delay:0.5s; -webkit-transition-delay:0.5s; transition-delay:0.5s\">[vc_raw_html]PGgyIGNsYXNzPSJpbnRyb2FjdGl2aWRhZCI+T2ZyZWNlbW9zIGFjdGl2aWRhZGVzLCBleGN1cnNpb25lcyB5IGV4cGVyaWVuY2lhcyBwYXJhIGxvcyBjZW50cm9zIGVzY29sYXJlcywgc2llbXByZSByb2RlYWRvcyBkZSBuYXR1cmFsZXphLjwvaDI+[\/vc_raw_html]<\/div><\/div>[\/vc_column][vc_column css_animation=\u00bbfadeInRight\u00bb width=\u00bb1\/2&#8243;]<div class=\"qode-animation-holder element_from_fade\"><div class=\"qode-animation-holder-inner\"  style=\"-webkit-animation-delay:0.5s; animation-delay:0.5s; -webkit-transition-delay:0.5s; transition-delay:0.5s\">[vc_column_text]<\/p>\n<h3 class=\"preguntas\">\u00bfQu\u00e9 aprenderemos?<\/h3>\n<div class=\"espacio30\"><\/div>\n<p>Ofrecemos contenidos did\u00e1cticos y formativos en los campos de la descubierta y el conocimiento del medio, as\u00ed como en talleres y actividades donde el hilo conductor o el principal argumento son las herramientas y habilidades necesarias para aprender a orientarnos. Se pueden realizar en cualquier \u00e9poca del a\u00f1o, y aproximadamente para unos 50 alumnos.[\/vc_column_text]<\/div><\/div>[vc_empty_space height=\u00bb30px\u00bb][\/vc_column][\/vc_row][vc_row css_animation=\u00bb\u00bb row_type=\u00bbrow\u00bb use_row_as_full_screen_section=\u00bbno\u00bb type=\u00bbgrid\u00bb angled_section=\u00bbno\u00bb text_align=\u00bbleft\u00bb background_image_as_pattern=\u00bbwithout_pattern\u00bb z_index=\u00bb\u00bb el_class=\u00bbpbottomsecciones\u00bb][vc_column css_animation=\u00bbnone\u00bb width=\u00bb1\/2&#8243;]<div class=\"qode-animation-holder element_from_fade\"><div class=\"qode-animation-holder-inner\"  style=\"-webkit-animation-delay:1s; animation-delay:1s; -webkit-transition-delay:1s; transition-delay:1s\">[vc_column_text]<\/p>\n<h3 class=\"preguntas\">\u00bfQu\u00e9 descubriremos?<\/h3>\n<div class=\"espacio30\"><\/div>\n<p>Realizamos talleres de uso de mapas, br\u00fajula y GPS en el centro escolar, combinando una parte te\u00f3rica que se desarrolla en el aula y una parte pr\u00e1ctica que se puede realizar en las mismas instalaciones del centro. Adem\u00e1s, ya sea o no como continuaci\u00f3n de estos talleres, organizamos actividades o carreras de orientaci\u00f3n, con una finalidad m\u00e1s l\u00fadica, en espacios naturales que se encuentren muy pr\u00f3ximos al centro escolar, donde se pueda ir andando. Tanto el formato taller como el formato de carrera se pueden hacer separadamente o pueden ser actividades complementarias a desarrollar en per\u00edodos distintos.[\/vc_column_text]<\/div><\/div>[vc_empty_space height=\u00bb30px\u00bb][\/vc_column][vc_column css_animation=\u00bbfadeInRight\u00bb width=\u00bb1\/2&#8243;]<div class=\"qode-animation-holder element_from_fade\"><div class=\"qode-animation-holder-inner\"  style=\"-webkit-animation-delay:1.5s; animation-delay:1.5s; -webkit-transition-delay:1.5s; transition-delay:1.5s\">[vc_column_text]<\/p>\n<h3 class=\"preguntas\">\u00bfD\u00f3nde lo haremos?<\/h3>\n<div class=\"espacio30\"><\/div>\n<p>Programamos tambi\u00e9n salidas al medio natural en espacios con alto valor e inter\u00e9s natural y cultural. Con caminatas de nivel f\u00e1cil y corta duraci\u00f3n, mostramos e interpretamos los espacios naturales de mayor importancia del Camp de Tarragona. Lugares cargados tambi\u00e9n de historia que se debe conocer. Podemos combinar estas excursiones con algunas de las actividades de orientaci\u00f3n antes mencionadas para realizarlas as\u00ed en entornos m\u00e1s alejados de las zonas urbanas. Nuestros espacios preferentes para realizar estas excursiones son el <a href=\"http:\/\/www.catalunya.com\/parc-natural-de-la-serra-de-montsant-17-17001-573527?language=es\" target=\"_blank\" rel=\"noopener noreferrer\">Parc Natural de la Serrra de Montsant<\/a> y el <a href=\"http:\/\/www.catalunya.com\/paratge-natural-dinteres-nacional-de-la-vall-del-monestir-de-poblet-17-17001-573472?language=es\" target=\"_blank\" rel=\"noopener noreferrer\">Paratge Natural d\u2019Inter\u00e8s Nacional dels Boscos de Poblet<\/a>.[\/vc_column_text]<\/div><\/div>[\/vc_column][\/vc_row][vc_row css_animation=\u00bb\u00bb row_type=\u00bbrow\u00bb use_row_as_full_screen_section=\u00bbno\u00bb type=\u00bbfull_width\u00bb angled_section=\u00bbno\u00bb text_align=\u00bbleft\u00bb background_image_as_pattern=\u00bbwithout_pattern\u00bb z_index=\u00bb\u00bb][vc_column width=\u00bb1\/2&#8243; css=\u00bb.vc_custom_1588239702764{background-color: #22847a !important;}\u00bb]<div class=\"qode-animation-holder element_from_fade\"><div class=\"qode-animation-holder-inner\"  style=\"-webkit-animation-delay:0.5s; animation-delay:0.5s; -webkit-transition-delay:0.5s; transition-delay:0.5s\">[vc_raw_html]PGRpdiBjbGFzcz0iY3VhZHJvYWN0aXZpZGFkIj4NCjxoMj5UYWxsZXIgZGUgb3JpZW50YWNpw7NuIGLDoXNpY2E8L2gyPg0KPGgzPkFjdGl2aWRhZCBwYXJhIGRlc2N1YnJpciwgY29ub2NlciB5IHByYWN0aWNhciBsYXMgbm9jaW9uZXMgYsOhc2ljYXMgZGUgb3JpZW50YWNpw7NuIHRyYWJhamFuZG8gZWwgbWFwYSB5IGxhIGJyw7pqdWxhLjwvaDM+DQo8ZGl2IGNsYXNzPSJlc3BhY2lvMzAiPjwvZGl2Pg0KPHA+RXhwbGljYW1vcyBjw7NtbyBpbmljaWFyc2UgZW4gZWwgdXNvIGRlIGxhIGJyw7pqdWxhIHkgZWwgbWFwYS4gQ29udGVuaWRvIHRlw7NyaWNvIHkgZWplcmNpY2lvcyBwcsOhY3RpY29zIGRlIHViaWNhY2nDs24gZW4gZWwgbWFwYSB5IGRlIHJlY29ub2NpbWllbnRvIGRlIHB1bnRvcyBjb24gY29udGFjdG8gdmlzdWFsLiBTYWxpbW9zIGRlc3B1w6lzIGEgbGEgY2FsbGUgeSByZWFsaXphbW9zIGNpcmN1aXRvIGRlIG9yaWVudGFjacOzbiwgcGFzYW5kbyBwb3IgdW5hIHNlcmllIGRlIHB1bnRvcyBpbmRpY2Fkb3MgZW4gZWwgbWFwYSB5IGVuY29udHJhbmRvIGRpc3RpbnRvcyBvYmpldG9zIGdyYWNpYXMgYSBsb3MgbnVldm9zIGNvbm9jaW1pZW50b3MgYWRxdWlyaWRvcy4gU2UgcHVlZGUgcmVhbGl6YXIgZW4gZWwgbWlzbW8gY2VudHJvIHkgc3VzIGFscmVkZWRvcmVzLjwvcD4NCjxiciAvPg0KPHA+SW5jbHV5ZSB1biBkb3NzaWVyIGRlIHRyYWJham8gcGFyYSBwbGFzbWFyLCBkZXNhcnJvbGxhciB5IG1lam9yYXIgbGFzIGhhYmlsaWRhZGVzIGFkcXVpcmlkYXMuPC9wPg0KPGJyIC8+DQo8cD5EdXJhY2nDs24gZGUgdW5hcyA0IGhvcmFzLiBTZSBwdWVkZW4gcmVhbGl6YXIgc2VndWlkYXMgbyBlbiBkaXN0aW50b3MgZMOtYXMuIEEgcGFydGlyIGRlIDbCuiBkZSBwcmltYXJpYS48L3A+DQo8ZGl2IGNsYXNzPSJlc3BhY2lvMzAiPjwvZGl2Pg0KPGEgY2xhc3M9ImJvdG9udHJhbnNwYXJlbnRlIiBhIGhyZWY9Imh0dHBzOi8vZW50cmVjYW1pbnMuY29tL2VzL2NvbnRhY3RvIj5QZWRpciBtw6FzIGluZm9ybWFjacOzbjwvYT4NCjwvZGl2Pg==[\/vc_raw_html]<\/div><\/div>[\/vc_column][vc_column width=\u00bb1\/2&#8243;][vc_single_image image=\u00bb1499&#8243; img_size=\u00bbfull\u00bb alignment=\u00bbcenter\u00bb qode_css_animation=\u00bbelement_from_fade\u00bb el_class=\u00bbimgderechaintrohome\u00bb][\/vc_column][\/vc_row][vc_row css_animation=\u00bb\u00bb row_type=\u00bbrow\u00bb use_row_as_full_screen_section=\u00bbno\u00bb type=\u00bbfull_width\u00bb angled_section=\u00bbno\u00bb text_align=\u00bbleft\u00bb background_image_as_pattern=\u00bbwithout_pattern\u00bb z_index=\u00bb\u00bb][vc_column width=\u00bb1\/2&#8243;][vc_single_image image=\u00bb1490&#8243; img_size=\u00bbfull\u00bb alignment=\u00bbcenter\u00bb qode_css_animation=\u00bbelement_from_fade\u00bb el_class=\u00bbimgparcmontsant\u00bb][\/vc_column][vc_column width=\u00bb1\/2&#8243; css=\u00bb.vc_custom_1588838048673{background-color: #6f625a !important;}\u00bb]<div class=\"qode-animation-holder element_from_fade\"><div class=\"qode-animation-holder-inner\"  style=\"-webkit-animation-delay:0.5s; animation-delay:0.5s; -webkit-transition-delay:0.5s; transition-delay:0.5s\">[vc_raw_html]PGRpdiBjbGFzcz0iY3VhZHJvYWN0aXZpZGFkIj4NCjxoMj5KdWVnbyBvIGNhcnJlcmEgZGUgb3JpZW50YWljw7NuPC9oMj4NCjxoMz5BY3RpdmlkYWQgcGFyYSBkZXNjdWJyaXIsIGNvbm9jZXIgeSBwcmFjdGljYXIgbGFzIG5vY2lvbmVzIGLDoXNpY2FzIGRlIG9yaWVudGFjacOzbiB0cmFiYWphbmRvIGVsIG1hcGEgeSBsYSBicsO6anVsYSBhIGxhIHZleiBxdWUganVnYW1vcyBvIGNvbXBldGltb3MgZW4gdW4gZW50b3JubyBuYXR1cmFsLjwvaDM+DQo8ZGl2IGNsYXNzPSJlc3BhY2lvMzAiPjwvZGl2Pg0KPHA+QWN0aXZpZGFkLCBqdWVnbyBvIGNvbXBldGljacOzbiBkZSBvcmllbnRhY2nDs24uIEEgcGFydGlyIGRlIHVuIG1hcGEsIGNvbiB1bmEgc2VyaWUgZGUgYmFsaXphcyBvIHB1bnRvcyBkZSBwYXNvIHNlw7FhbGFkb3MgZW4gZWwgbWlzbW8uIExvcyBwYXJ0aWNpcGFudGVzIGRlYmVuIGVuY29udHJhcmxhcyBlbiBlbCBtw61uaW1vIHRpZW1wbyBwb3NpYmxlIHNpbiBkZXNjdWlkYXIgbmluZ3VuYSBkZSBlbGxhcywgeSB2b2x2ZXIgYWwgcHVudG8gZGUgaW5pY2lvLiBMYSBjYXJnYSBjb21wZXRpdGl2YSBzZSBwdWVkZSBhY2VudHVhciBtw6FzIG8gbWVub3MgZW4gZnVuY2nDs24gZGVsIG9iamV0aXZvIGRpZMOhY3RpY28gcHJvcHVlc3RvIGVuIGxhIGFjdGl2aWRhZC4gPC9wPg0KPGJyIC8+DQo8cD5JbmNsdXllIGxvcyBtYXBhcyB5IGVsIG1hdGVyaWFsIHBhcmEgcmVhbGl6YXIgbGEgYWN0aXZpZGFkLjwvcD4NCjxiciAvPg0KPHA+RHVyYWNpw7NuIGRlIHVuYSBtYcOxYW5hLiBab25hIE1vbnQtUm9pZywgQXJib3NzZXQsIEVzY29ybmFsYm91LCBQb250IGRlbCBEaWFibGXigKYgVGFtYmnDqW4gc2UgcHVlZGUgYWRhcHRhciBhIGVzcGFjaW9zIHVyYmFub3MgYWJpZXJ0b3MgeSBwcsOzeGltb3MgYWwgY2VudHJvIGVzY29sYXIuIEEgcGFydGlyIGRlIDbCuiBkZSBwcmltYXJpYS48L3A+DQo8ZGl2IGNsYXNzPSJlc3BhY2lvNjAiPjwvZGl2Pg0KPGEgY2xhc3M9ImJvdG9udHJhbnNwYXJlbnRlIiBhIGhyZWY9Imh0dHBzOi8vZW50cmVjYW1pbnMuY29tL2VzL2NvbnRhY3RvIj5QZWRpciBtw6FzIGluZm9ybWFjacOzbjwvYT4NCjwvZGl2Pg==[\/vc_raw_html]<\/div><\/div>[\/vc_column][\/vc_row][vc_row css_animation=\u00bb\u00bb row_type=\u00bbrow\u00bb use_row_as_full_screen_section=\u00bbno\u00bb type=\u00bbfull_width\u00bb angled_section=\u00bbno\u00bb text_align=\u00bbleft\u00bb background_image_as_pattern=\u00bbwithout_pattern\u00bb z_index=\u00bb\u00bb][vc_column width=\u00bb1\/2&#8243; css=\u00bb.vc_custom_1588239702764{background-color: #22847a !important;}\u00bb]<div class=\"qode-animation-holder element_from_fade\"><div class=\"qode-animation-holder-inner\"  style=\"-webkit-animation-delay:0.5s; animation-delay:0.5s; -webkit-transition-delay:0.5s; transition-delay:0.5s\">[vc_raw_html]PGRpdiBjbGFzcz0iY3VhZHJvYWN0aXZpZGFkIj4NCjxoMj5EZXNjdWJyaW1vcyBudWVzdHJhcyB0aWVycmFzLiAiSmEgaGVtIGJlZ3V0IG9saSEiPC9oMj4NCjxoMz5BY3RpdmlkYWQgcGFyYSBkZXNjdWJyaXIgZWwgUE4gZGUgbGEgU2VycmEgZGUgTW9udHNhbnQgYXPDrSBjb21vIGxhIGVsYWJvcmFjacOzbiBkZWwgYWNlaXRlIGRlIG9saXZhLjwvaDM+DQo8ZGl2IGNsYXNzPSJlc3BhY2lvMzAiPjwvZGl2Pg0KPHA+TGxlZ2FuZG8gYSBVbGxkZW1vbGlucywgY29ub2NlcmVtb3MgbGEgQ29vcGVyYXRpdmEgU2FudCBKYXVtZSBBcMOyc3RvbCwgZMOzbmRlIHNlIG5vcyBleHBsaWNhIHkgZW5zZcOxYSB0b2RvIGVsIHByb2Nlc28gZGUgZWxhYm9yYWNpw7NuIGRlbCBhY2VpdGUgZGUgb2xpdmEuIExvcyBwYXJ0aWNpcGFudGVzIHB1ZWRlbiBjYXRhciBlbCDigJxvbGkgZGVsIHJhaWfigJ0gb2J0ZW5pZG8gZGUgbGEgcHJpbWVyYSBwcmVuc2FkYSwgc2luIGZpbHRyYXIuIEluY29ycG9yYSBkb3NzaWVyIGRlIHRyYWJham8gY29uIGxvcyBjb250ZW5pZG9zIGV4cGxpY2Fkb3MuPC9wPg0KPGJyIC8+DQo8cD5BbnRlcyBkZSBhY2FiYXIgbGEgbWHDsWFuYSwgbm9zIGRpcmlnaW1vcyBhIGxhIGVybWl0YSBkZSBTYW50YSBNYWdkYWxlbmEsIHBhcmEgY29ub2NlciB5IHBhc2VhciBwb3IgZWwgUGFycXVlIE5hdHVyYWwgZGUgbGEgU2VycmEgZGUgTW9udHNhbnQuIE5vcyBmYW1pbGlhcml6YXJlbW9zIGNvbiBsYXMgcGFydGljdWxhcmlkYWRlcyBkZSBzdSBmYXVuYSwgZmxvcmEgeSBzdSBhbHTDrXNpbW8gdmFsb3IgaGlzdMOzcmljbyB5IGVzcGlyaXR1YWwuIENvbm9jZXJlbW9zIHRvZG9zIGxvcyBvZmljaW9zIHF1ZSBkdXJhbnRlIGxvcyDDumx0aW1vcyBzaWdsb3MgYWxsw60gc2UgaGFuIGRlc2Fycm9sbGFkby4gTG8gdHJhYmFqYXJlbW9zIHRhbWJpw6luIGVuIGVsIGRvc3NpZXIuPC9wPg0KPGJyIC8+DQo8cD5TZSBwdWVkZSBjb21lciBlbiBsYSB6b25hIGRlIHBpY25pYyBoYWJpbGl0YWRhIGVuIGxhIG1pc21hIGVybWl0YS48L3A+DQo8YnIgLz4NCjxwPlViaWNhY2nDs246IFVsbGRlbW9saW5zLCBQcmlvcmF0LjwvcD4NCjxkaXYgY2xhc3M9ImVzcGFjaW8zMCI+PC9kaXY+DQo8YSBjbGFzcz0iYm90b250cmFuc3BhcmVudGUiIGEgaHJlZj0iaHR0cHM6Ly9lbnRyZWNhbWlucy5jb20vZXMvY29udGFjdG8iPlBlcmRpciBtw6FzIGluZm9ybWFjacOzbjwvYT4NCjwvZGl2Pg==[\/vc_raw_html]<\/div><\/div>[\/vc_column][vc_column width=\u00bb1\/2&#8243;][vc_single_image image=\u00bb1493&#8243; img_size=\u00bbfull\u00bb alignment=\u00bbcenter\u00bb qode_css_animation=\u00bbelement_from_fade\u00bb el_class=\u00bbimgderechaintrohome\u00bb][\/vc_column][\/vc_row][vc_row css_animation=\u00bb\u00bb row_type=\u00bbrow\u00bb use_row_as_full_screen_section=\u00bbno\u00bb type=\u00bbfull_width\u00bb angled_section=\u00bbno\u00bb text_align=\u00bbleft\u00bb background_image_as_pattern=\u00bbwithout_pattern\u00bb z_index=\u00bb\u00bb][vc_column width=\u00bb1\/2&#8243;][vc_single_image image=\u00bb1496&#8243; img_size=\u00bbfull\u00bb alignment=\u00bbcenter\u00bb qode_css_animation=\u00bbelement_from_fade\u00bb el_class=\u00bbimgparcmontsant\u00bb][\/vc_column][vc_column width=\u00bb1\/2&#8243; css=\u00bb.vc_custom_1588838048673{background-color: #6f625a !important;}\u00bb]<div class=\"qode-animation-holder element_from_fade\"><div class=\"qode-animation-holder-inner\"  style=\"-webkit-animation-delay:0.5s; animation-delay:0.5s; -webkit-transition-delay:0.5s; transition-delay:0.5s\">[vc_raw_html]PGRpdiBjbGFzcz0iY3VhZHJvYWN0aXZpZGFkIj4NCjxoMj5WaXZpbW9zIHkgbm9zIGFkZW50cmFtb3MgZW4gbnVlc3RyYXMgdGllcnJhczwvaDI+DQo8aDNBY3RpdmlkYWQgcGFyYSBkZXNjdWJyaXIgZWwgUE4gZGUgbGEgU2VycmEgZGUgTW9udHNhbnQsIGFzw60gY29tbyBsYSBoaXN0b3JpYSBkZSB1biBtb25hc3RlcmlvIG1pbGVuYXJpbyB5IHByYWN0aWNhciBkZXBvcnRlIHkgZGlzdGludG9zIGp1ZWdvcyBidXNjYW5kbyB0ZXNvcm9zIGVuIGVsIGJvc3F1ZSB5IHZpc2l0YW5kbyBlc3BhY2lvcyBkZSBncmFuIGJlbGxlemEgdmlzdWFsLjwvaDM+DQo8ZGl2IGNsYXNzPSJlc3BhY2lvMzAiPjwvZGl2Pg0KDQo8cD5FeGN1cnNpw7NuIGFsIG1lZGlvIG5hdHVyYWwgcXVlIGVtcGllemEgZW4gZWwgTW9uYXN0ZXJpbyBkZSBTYW50YSBNYXLDrWEgZGUgRXNjYWxhZGVpLiBDb25vY2VyZW1vcyBsYSBoaXN0b3JpYSBkZSBlc3RlIG1vbmFzdGVyaW8gY2FydHVqYW5vIHF1ZSBkdXJhbnRlIHNpZ2xvcyBmdWUgZnVlbnRlIGRlIGN1bHR1cmEgeSBjb25vY2ltaWVudG8uPC9wPg0KPGJyIC8+DQo8cD5EZXNwdcOpcyBkZWwgZGVzYXl1bm8sIGp1ZWdvIGRlIHBpc3RhcyB5IGLDunNxdWVkYSBkZSBjYWNow6lzIGVuIGVsIGJvc3F1ZSBkZSBFc2NhbGFkZWkuIERlcG9ydGUgeSBqdWVnb3MgZW4gdW4gZW50b3JubyBuYXR1cmFsIGRlIGdyYW4gYmVsbGV6YS48L3A+DQo8YnIgLz4NCjxwPlBlcXVlw7FvIHBhc2VvIGhhc3RhIGxhIGVybWl0YSBkZSBMYSBQaWV0YXQsIGRvbmRlIHNlIHB1ZWRlIGNvbWVyIHBpY25pYy4gQ2hhcmxhIHBhcmEgZGVzY3VicmlyIGxhcyBwYXJ0aWN1bGFyaWRhZGVzIGRlIGxhIGZsb3JhLCBmYXVuYSB5IGVsIGFsdMOtc2ltbyB2YWxvciBoaXN0w7NyaWNvLCBjdWx0dXJhbCB5IGVzcGlyaXR1YWwgZGVsIFBhcmMgTmF0dXJhbCBkZSBsYSBTZXJyYSBkZSBNb250c2FudC48L3A+DQo8YnIgLz4NCjxwPlNhbGlkYSBkZSBvdG\/DsW8gbyBwcmltYXZlcmEgeSBkZSB1biBkw61hIGVudGVybyBlbiBsYSB6b25hIGRlIEVzY2FsYWRlaS48L3A+DQo8ZGl2IGNsYXNzPSJlc3BhY2lvNjAiPjwvZGl2Pg0KPGEgY2xhc3M9ImJvdG9udHJhbnNwYXJlbnRlIiBhIGhyZWY9Imh0dHBzOi8vZW50cmVjYW1pbnMuY29tL2VzL2NvbnRhY3RvIj5QZWRpciBtw6FzIGluZm9ybWFjacOzbjwvYT4NCjwvZGl2Pg==[\/vc_raw_html]<\/div><\/div>[\/vc_column][\/vc_row][vc_row css_animation=\u00bb\u00bb row_type=\u00bbrow\u00bb use_row_as_full_screen_section=\u00bbno\u00bb type=\u00bbfull_width\u00bb angled_section=\u00bbno\u00bb text_align=\u00bbleft\u00bb background_image_as_pattern=\u00bbwithout_pattern\u00bb z_index=\u00bb\u00bb el_class=\u00bbpaddingseccionesfull\u00bb][vc_column]<div class=\"qode-animation-holder element_from_fade\"><div class=\"qode-animation-holder-inner\"  style=\"-webkit-animation-delay:0.5s; animation-delay:0.5s; -webkit-transition-delay:0.5s; transition-delay:0.5s\">[qode_elements_holder number_of_columns=\u00bbtwo_columns\u00bb columns_proportion=\u00bb66_33&#8243;][qode_elements_holder_item background_image=\u00bb1694&#8243; cover=\u00bbyes\u00bb vertical_alignment=\u00bbmiddle\u00bb advanced_animations=\u00bbno\u00bb item_padding_480=\u00bb50% 0&#8243;][\/qode_elements_holder_item][qode_elements_holder_item vertical_alignment=\u00bbmiddle\u00bb advanced_animations=\u00bbno\u00bb][vc_raw_html]JTNDZGl2JTIwY2xhc3MlM0QlMjJzZWNjaW9ub3JnYW5pemFyaG9tZSUyMiUzRSUwQSUzQ2gyJTNFJUMyJUJGTm8lMjBlbmN1ZW50cmFzJTIwbG8lMjBxdWUlMjBidXNjYXMlM0YlMjAlM0MlMkZoMiUzRSUwQSUzQ2gzJTNFJUMyJUExVGUlMjBvcmdhbml6YW1vcyUyMHR1JTIwYWN0aXZpZGFkJTIxJTIwJTNDJTJGaDMlM0UlMEElM0NkaXYlMjBjbGFzcyUzRCUyMmVzcGFjaW8zMCUyMiUzRSUzQyUyRmRpdiUzRSUwQSUzQ3AlM0VEaXNlJUMzJUIxYW1vcyUyMHklMjBjb29yZGluYW1vcyUyMGxhJTIwYWN0aXZpZGFkJTIwZXhjbHVzaXZhbWVudGUlMjBwYXJhJTIwdGklMjB5JTIwbm9zJTIwZGVzcGxhemFtb3MlMjBhJTIwZG9uZGUlMjBkZXNlZXMuJTNDJTJGcCUzRSUwQSUzQ2RpdiUyMGNsYXNzJTNEJTIyZXNwYWNpbzMwJTIyJTNFJTNDJTJGZGl2JTNFJTBBJTNDaDMlM0UlM0NhJTIwaHJlZiUzRCUyMmh0dHBzJTNBJTJGJTJGZW50cmVjYW1pbnMuY29tJTJGZXMlMkZleGN1cnNpb25lcy15LWFjdGl2aWRhZGVzLXBhcmEtZXNjdWVsYXMlMkYlMjIlM0VBY3RpdmlkYWRlcyUyMHBhcmElMjBlc2N1ZWxhcyUzQyUyRmgzJTNFJTBBJTNDaDMlM0UlM0NhJTIwaHJlZiUzRCUyMmh0dHBzJTNBJTJGJTJGZW50cmVjYW1pbnMuY29tJTJGZXMlMkZhY3RpdmlkYWRlcy1kZS10ZWFtLWJ1aWxkaW5nJTJGJTIyJTNFQWN0aXZpZGFkZXMlMjBwYXJhJTIwZW1wcmVzYXMlM0MlMkZhJTNFJTNDJTJGaDMlM0UlMEElM0NoMyUzRSUzQ2ElMjBocmVmJTNEJTIyaHR0cHMlM0ElMkYlMkZlbnRyZWNhbWlucy5jb20lMkZlcyUyRmV2ZW50b3MteS1hY3RpdmlkYWRlcy1hLW1lZGlkYSUyRiUyMiUzRUV2ZW50b3MlMjB5JTIwYWN0aXZpZGFkZXMlMjBhJTIwbWVkaWRhLiUzQyUyRmElM0UlM0MlMkZoMyUzRSUwQSUzQ2RpdiUyMGNsYXNzJTNEJTIyZXNwYWNpbzMwJTIyJTNFJTNDJTJGZGl2JTNFJTBBJTNDYSUyMGNsYXNzJTNEJTIyYm90b25ib3JkZXZlcmRlJTIyJTIwaHJlZiUzRCUyMmh0dHBzJTNBJTJGJTJGZW50cmVjYW1pbnMlMkZlcyUyRmNvbnRhY3RvJTJGJTIyJTNFJTIwQ29udGFjdGFyJTIwYXJhJTNDJTJGYSUzRSUwQSUzQyUyRnAlM0UlMEElM0MlMkZkaXYlM0U=[\/vc_raw_html][\/qode_elements_holder_item][\/qode_elements_holder]<\/div><\/div>[\/vc_column][\/vc_row]<\/p>\n<\/div>","protected":false},"excerpt":{"rendered":"<p>[vc_row css_animation=\u00bb\u00bb row_type=\u00bbrow\u00bb use_row_as_full_screen_section=\u00bbno\u00bb type=\u00bbfull_width\u00bb angled_section=\u00bbno\u00bb text_align=\u00bbleft\u00bb background_image=\u00bb1454&#8243; background_image_as_pattern=\u00bbwithout_pattern\u00bb z_index=\u00bb\u00bb][vc_column width=\u00bb1\/2&#8243;][\/vc_column][vc_column width=\u00bb1\/2&#8243;][\/vc_column][\/vc_row][vc_row css_animation=\u00bb\u00bb row_type=\u00bbrow\u00bb use_row_as_full_screen_section=\u00bbno\u00bb type=\u00bbgrid\u00bb angled_section=\u00bbno\u00bb text_align=\u00bbleft\u00bb background_image_as_pattern=\u00bbwithout_pattern\u00bb z_index=\u00bb\u00bb el_class=\u00bbptopsecciones\u00bb css=\u00bb.vc_custom_1588787574368{padding-bottom: 30px !important;}\u00bb][vc_column css_animation=\u00bbnone\u00bb width=\u00bb1\/2&#8243;][\/vc_column][vc_column css_animation=\u00bbfadeInRight\u00bb width=\u00bb1\/2&#8243;][vc_empty_space height=\u00bb30px\u00bb][\/vc_column][\/vc_row][vc_row css_animation=\u00bb\u00bb row_type=\u00bbrow\u00bb use_row_as_full_screen_section=\u00bbno\u00bb type=\u00bbgrid\u00bb angled_section=\u00bbno\u00bb text_align=\u00bbleft\u00bb background_image_as_pattern=\u00bbwithout_pattern\u00bb z_index=\u00bb\u00bb el_class=\u00bbpbottomsecciones\u00bb][vc_column css_animation=\u00bbnone\u00bb width=\u00bb1\/2&#8243;][vc_empty_space height=\u00bb30px\u00bb][\/vc_column][vc_column css_animation=\u00bbfadeInRight\u00bb width=\u00bb1\/2&#8243;][\/vc_column][\/vc_row][vc_row css_animation=\u00bb\u00bb row_type=\u00bbrow\u00bb&#8230;<\/p>\n","protected":false},"author":9,"featured_media":0,"parent":0,"menu_order":0,"comment_status":"closed","ping_status":"closed","template":"full_width.php","meta":{"footnotes":""},"class_list":["post-1739","page","type-page","status-publish","hentry"],"yoast_head":"<!-- This site is optimized with the Yoast SEO plugin v22.7 - https:\/\/yoast.com\/wordpress\/plugins\/seo\/ -->\n<title>Excursiones y actividades para escuelas en la monta\u00f1a | Entrecamins<\/title>\n<meta name=\"description\" content=\"Excursiones y actividades para escuelas en las monta\u00f1as del Parque Natural del Montsant, en las monta\u00f1as de Prades y alrededores.\" \/>\n<meta name=\"robots\" content=\"index, follow, max-snippet:-1, max-image-preview:large, max-video-preview:-1\" \/>\n<link rel=\"canonical\" href=\"https:\/\/entrecamins.com\/es\/excursiones-y-actividades-para-escuelas\/\" \/>\n<meta property=\"og:locale\" content=\"es_ES\" \/>\n<meta property=\"og:type\" content=\"article\" \/>\n<meta property=\"og:title\" content=\"Excursiones y actividades para escuelas en la monta\u00f1a | Entrecamins\" \/>\n<meta property=\"og:description\" content=\"Excursiones y actividades para escuelas en las monta\u00f1as del Parque Natural del Montsant, en las monta\u00f1as de Prades y alrededores.\" \/>\n<meta property=\"og:url\" content=\"https:\/\/entrecamins.com\/es\/excursiones-y-actividades-para-escuelas\/\" \/>\n<meta property=\"og:site_name\" content=\"entrecamins.com\" \/>\n<meta property=\"article:modified_time\" content=\"2020-05-17T16:17:50+00:00\" \/>\n<meta name=\"twitter:card\" content=\"summary_large_image\" \/>\n<meta name=\"twitter:label1\" content=\"Tiempo de lectura\" \/>\n\t<meta name=\"twitter:data1\" content=\"9 minutos\" \/>\n<script type=\"application\/ld+json\" class=\"yoast-schema-graph\">{\"@context\":\"https:\/\/schema.org\",\"@graph\":[{\"@type\":\"WebPage\",\"@id\":\"https:\/\/entrecamins.com\/es\/excursiones-y-actividades-para-escuelas\/\",\"url\":\"https:\/\/entrecamins.com\/es\/excursiones-y-actividades-para-escuelas\/\",\"name\":\"Excursiones y actividades para escuelas en la monta\u00f1a | Entrecamins\",\"isPartOf\":{\"@id\":\"https:\/\/entrecamins.com\/es\/#website\"},\"datePublished\":\"2020-05-13T07:54:46+00:00\",\"dateModified\":\"2020-05-17T16:17:50+00:00\",\"description\":\"Excursiones y actividades para escuelas en las monta\u00f1as del Parque Natural del Montsant, en las monta\u00f1as de Prades y alrededores.\",\"breadcrumb\":{\"@id\":\"https:\/\/entrecamins.com\/es\/excursiones-y-actividades-para-escuelas\/#breadcrumb\"},\"inLanguage\":\"es\",\"potentialAction\":[{\"@type\":\"ReadAction\",\"target\":[\"https:\/\/entrecamins.com\/es\/excursiones-y-actividades-para-escuelas\/\"]}]},{\"@type\":\"BreadcrumbList\",\"@id\":\"https:\/\/entrecamins.com\/es\/excursiones-y-actividades-para-escuelas\/#breadcrumb\",\"itemListElement\":[{\"@type\":\"ListItem\",\"position\":1,\"name\":\"Inici\",\"item\":\"https:\/\/entrecamins.com\/es\/\"},{\"@type\":\"ListItem\",\"position\":2,\"name\":\"Excursiones y actividades para escuelas\"}]},{\"@type\":\"WebSite\",\"@id\":\"https:\/\/entrecamins.com\/es\/#website\",\"url\":\"https:\/\/entrecamins.com\/es\/\",\"name\":\"entrecamins.com\",\"description\":\"Entre camins\",\"potentialAction\":[{\"@type\":\"SearchAction\",\"target\":{\"@type\":\"EntryPoint\",\"urlTemplate\":\"https:\/\/entrecamins.com\/es\/?s={search_term_string}\"},\"query-input\":\"required name=search_term_string\"}],\"inLanguage\":\"es\"}]}<\/script>\n<!-- \/ Yoast SEO plugin. -->","yoast_head_json":{"title":"Excursiones y actividades para escuelas en la monta\u00f1a | Entrecamins","description":"Excursiones y actividades para escuelas en las monta\u00f1as del Parque Natural del Montsant, en las monta\u00f1as de Prades y alrededores.","robots":{"index":"index","follow":"follow","max-snippet":"max-snippet:-1","max-image-preview":"max-image-preview:large","max-video-preview":"max-video-preview:-1"},"canonical":"https:\/\/entrecamins.com\/es\/excursiones-y-actividades-para-escuelas\/","og_locale":"es_ES","og_type":"article","og_title":"Excursiones y actividades para escuelas en la monta\u00f1a | Entrecamins","og_description":"Excursiones y actividades para escuelas en las monta\u00f1as del Parque Natural del Montsant, en las monta\u00f1as de Prades y alrededores.","og_url":"https:\/\/entrecamins.com\/es\/excursiones-y-actividades-para-escuelas\/","og_site_name":"entrecamins.com","article_modified_time":"2020-05-17T16:17:50+00:00","twitter_card":"summary_large_image","twitter_misc":{"Tiempo de lectura":"9 minutos"},"schema":{"@context":"https:\/\/schema.org","@graph":[{"@type":"WebPage","@id":"https:\/\/entrecamins.com\/es\/excursiones-y-actividades-para-escuelas\/","url":"https:\/\/entrecamins.com\/es\/excursiones-y-actividades-para-escuelas\/","name":"Excursiones y actividades para escuelas en la monta\u00f1a | Entrecamins","isPartOf":{"@id":"https:\/\/entrecamins.com\/es\/#website"},"datePublished":"2020-05-13T07:54:46+00:00","dateModified":"2020-05-17T16:17:50+00:00","description":"Excursiones y actividades para escuelas en las monta\u00f1as del Parque Natural del Montsant, en las monta\u00f1as de Prades y alrededores.","breadcrumb":{"@id":"https:\/\/entrecamins.com\/es\/excursiones-y-actividades-para-escuelas\/#breadcrumb"},"inLanguage":"es","potentialAction":[{"@type":"ReadAction","target":["https:\/\/entrecamins.com\/es\/excursiones-y-actividades-para-escuelas\/"]}]},{"@type":"BreadcrumbList","@id":"https:\/\/entrecamins.com\/es\/excursiones-y-actividades-para-escuelas\/#breadcrumb","itemListElement":[{"@type":"ListItem","position":1,"name":"Inici","item":"https:\/\/entrecamins.com\/es\/"},{"@type":"ListItem","position":2,"name":"Excursiones y actividades para escuelas"}]},{"@type":"WebSite","@id":"https:\/\/entrecamins.com\/es\/#website","url":"https:\/\/entrecamins.com\/es\/","name":"entrecamins.com","description":"Entre camins","potentialAction":[{"@type":"SearchAction","target":{"@type":"EntryPoint","urlTemplate":"https:\/\/entrecamins.com\/es\/?s={search_term_string}"},"query-input":"required name=search_term_string"}],"inLanguage":"es"}]}},"_links":{"self":[{"href":"https:\/\/entrecamins.com\/es\/wp-json\/wp\/v2\/pages\/1739","targetHints":{"allow":["GET"]}}],"collection":[{"href":"https:\/\/entrecamins.com\/es\/wp-json\/wp\/v2\/pages"}],"about":[{"href":"https:\/\/entrecamins.com\/es\/wp-json\/wp\/v2\/types\/page"}],"author":[{"embeddable":true,"href":"https:\/\/entrecamins.com\/es\/wp-json\/wp\/v2\/users\/9"}],"replies":[{"embeddable":true,"href":"https:\/\/entrecamins.com\/es\/wp-json\/wp\/v2\/comments?post=1739"}],"version-history":[{"count":7,"href":"https:\/\/entrecamins.com\/es\/wp-json\/wp\/v2\/pages\/1739\/revisions"}],"predecessor-version":[{"id":1824,"href":"https:\/\/entrecamins.com\/es\/wp-json\/wp\/v2\/pages\/1739\/revisions\/1824"}],"wp:attachment":[{"href":"https:\/\/entrecamins.com\/es\/wp-json\/wp\/v2\/media?parent=1739"}],"curies":[{"name":"wp","href":"https:\/\/api.w.org\/{rel}","templated":true}]}}